{"id":856,"date":"2021-04-20T06:54:22","date_gmt":"2021-04-20T06:54:22","guid":{"rendered":"https:\/\/www.cykelsemester.se\/cykeluthyrning\/?page_id=856"},"modified":"2022-05-24T14:07:47","modified_gmt":"2022-05-24T14:07:47","slug":"hyra-av-cyklar-och-tillbehor","status":"publish","type":"page","link":"https:\/\/www.cykelsemester.se\/cykeluthyrning\/","title":{"rendered":"Bokning av cyklar och tillbeh\u00f6r"},"content":{"rendered":"<div class=\"row\"  id=\"row-1882194061\">\n\n\t<div id=\"col-1505801739\" class=\"col small-12 large-12\"  >\n\t\t\t\t<div class=\"col-inner\"  >\n\t\t\t\n\t\t\t\n<h1>Cykeluthyrning i Sj\u00f6torp f\u00f6r dig som ska cykla l\u00e4ngs G\u00f6ta kanal<\/h1>\n<p><strong>V\u00e4lkommen till Sj\u00f6torps cykeluthyrning f\u00f6r dig som vill hyra cykel i Sj\u00f6torp. <\/strong><\/p>\n<p>Du kan v\u00e4lja alltifr\u00e5n att cykla bara n\u00e5gon timme eller cykla i en hel vecka. All betalning sker p\u00e5 plats i Sj\u00f6torp, b\u00e5de kontant eller kort. I Sj\u00f6torp finner du gratis parkeringar p\u00e5 S\u00f6dra sidan av kanalen, f\u00f6lj skyltningen. Vi har ungef\u00e4r 300 cyklar, varav c.a 70 \u00e4r anpassade f\u00f6r barn ( 16, 20, 24 och 26 tum ) det finns b\u00e5de barnsitsar och cykelk\u00e4rror f\u00f6r barn.<\/p>\n<p>Packning f\u00f6r cykelturen transporteras b\u00e4st p\u00e5 varje persons egna cykel, det finns packv\u00e4skor och cykelk\u00e4rror att hyra om s\u00e5 beh\u00f6vs.<\/p>\n<p>Cyklarna \u00e4r r\u00f6da 3 vxl damcyklar med paketh\u00e5llare, de vuxna cyklarna har ocks\u00e5 cykelkorg och alla cyklar \u00e4r av mycket bra kvalitet. Vid hyra av cykel ing\u00e5r cykelservice mellan kl. 09.30 \u2013 17.30 vid eventuella problem t.ex punktering.<\/p>\n<p>Vi erbjuder \u00e4ven elcyklar f\u00f6r uthyrning. Dessa kostar 500 kr per dag och bokas via mail: info@cykelsemester.se alt telefon 0501-51133<\/p>\n<p>Cyklar som hyrs via hemsidan, telefon eller mail reserverar vi till kl 12:00. Sedan \u00e4r dessa inte l\u00e4ngre reserverade<\/p>\n<p>Vi kan \u00e4ven tipsa om v\u00e5ra f\u00e4rdiga <a href=\"https:\/\/www.cykelsemester.se\">cykelpaket som du finner h\u00e4r<\/a>.\u00a0<\/p>\n\t\t<\/div>\n\t\t\t\t\n<style>\n#col-1505801739 > .col-inner {\n  padding: 20px 0px 21px 0px;\n}\n<\/style>\n\t<\/div>\n\n\t\n\n<style>\n#row-1882194061 > .col > .col-inner {\n  padding: 20px 0px 0px 0px;\n}\n<\/style>\n<\/div>\n<div class=\"woocommerce\">\t\t\t<div class=\"single-product\" data-product-page-preselected-id=\"0\">\n\t\t\t\t<div class=\"container\">\n\t<div class=\"woocommerce-notices-wrapper\"><\/div><div class=\"category-filtering container text-center product-filter-row show-for-medium\">\n  <a href=\"#product-sidebar\"\n    data-open=\"#product-sidebar\"\n    data-pos=\"left\"\n    class=\"filter-button uppercase plain\">\n      <i class=\"icon-equalizer\"><\/i>\n      <strong>Filtrera<\/strong>\n  <\/a>\n<\/div>\n<\/div>\n<div id=\"product-886\" class=\"product type-product post-886 status-publish first instock product_cat-cykelhyra has-post-thumbnail virtual taxable purchasable product-type-phive_booking\">\n\t<div class=\"product-container\">\n  <div class=\"product-main\">\n    <div class=\"row content-row mb-0\">\n\n    \t<div class=\"product-gallery large-5 col\">\n    \t\n<div class=\"product-images relative mb-half has-hover woocommerce-product-gallery woocommerce-product-gallery--with-images woocommerce-product-gallery--columns-4 images\" data-columns=\"4\">\n\n  <div class=\"badge-container is-larger absolute left top z-1\">\n<\/div>\n\n  <div class=\"image-tools absolute top show-on-hover right z-3\">\n    \t\t<div class=\"wishlist-icon\">\n\t\t\t<button class=\"wishlist-button button is-outline circle icon\" aria-label=\"Wishlist\">\n\t\t\t\t<i class=\"icon-heart\" ><\/i>\t\t\t<\/button>\n\t\t\t<div class=\"wishlist-popup dark\">\n\t\t\t\t\n<div\n\tclass=\"yith-wcwl-add-to-wishlist add-to-wishlist-886 yith-wcwl-add-to-wishlist--link-style yith-wcwl-add-to-wishlist--single wishlist-fragment on-first-load\"\n\tdata-fragment-ref=\"886\"\n\tdata-fragment-options=\"{&quot;base_url&quot;:&quot;&quot;,&quot;product_id&quot;:886,&quot;parent_product_id&quot;:0,&quot;product_type&quot;:&quot;phive_booking&quot;,&quot;is_single&quot;:true,&quot;in_default_wishlist&quot;:false,&quot;show_view&quot;:true,&quot;browse_wishlist_text&quot;:&quot;Browse wishlist&quot;,&quot;already_in_wishslist_text&quot;:&quot;The product is already in your wishlist!&quot;,&quot;product_added_text&quot;:&quot;Produkt tillagd!&quot;,&quot;available_multi_wishlist&quot;:false,&quot;disable_wishlist&quot;:false,&quot;show_count&quot;:false,&quot;ajax_loading&quot;:false,&quot;loop_position&quot;:&quot;after_add_to_cart&quot;,&quot;item&quot;:&quot;add_to_wishlist&quot;}\"\n>\n\t\t\t\n\t\t\t<!-- ADD TO WISHLIST -->\n\t\t\t\n<div class=\"yith-wcwl-add-button\">\n\t\t<a\n\t\thref=\"?add_to_wishlist=886&#038;_wpnonce=2f26ce77aa\"\n\t\tclass=\"add_to_wishlist single_add_to_wishlist\"\n\t\tdata-product-id=\"886\"\n\t\tdata-product-type=\"phive_booking\"\n\t\tdata-original-product-id=\"0\"\n\t\tdata-title=\"Add to wishlist\"\n\t\trel=\"nofollow\"\n\t>\n\t\t<svg id=\"yith-wcwl-icon-heart-outline\" class=\"yith-wcwl-icon-svg\" fill=\"none\" stroke-width=\"1.5\" stroke=\"currentColor\" viewBox=\"0 0 24 24\" xmlns=\"http:\/\/www.w3.org\/2000\/svg\">\n  <path stroke-linecap=\"round\" stroke-linejoin=\"round\" d=\"M21 8.25c0-2.485-2.099-4.5-4.688-4.5-1.935 0-3.597 1.126-4.312 2.733-.715-1.607-2.377-2.733-4.313-2.733C5.1 3.75 3 5.765 3 8.25c0 7.22 9 12 9 12s9-4.78 9-12Z\"><\/path>\n<\/svg>\t\t<span>Add to wishlist<\/span>\n\t<\/a>\n<\/div>\n\n\t\t\t<!-- COUNT TEXT -->\n\t\t\t\n\t\t\t<\/div>\n\t\t\t<\/div>\n\t\t<\/div>\n\t\t  <\/div>\n\n  <figure class=\"woocommerce-product-gallery__wrapper product-gallery-slider slider slider-nav-small mb-half\"\n        data-flickity-options='{\n                \"cellAlign\": \"center\",\n                \"wrapAround\": true,\n                \"autoPlay\": false,\n                \"prevNextButtons\":true,\n                \"adaptiveHeight\": true,\n                \"imagesLoaded\": true,\n                \"lazyLoad\": 1,\n                \"dragThreshold\" : 15,\n                \"pageDots\": false,\n                \"rightToLeft\": false       }'>\n    <div data-thumb=\"https:\/\/www.cykelsemester.se\/cykeluthyrning\/wp-content\/uploads\/IMG-1671-100x100.jpg\" data-thumb-alt=\"\" class=\"woocommerce-product-gallery__image slide first\"><a href=\"https:\/\/www.cykelsemester.se\/cykeluthyrning\/wp-content\/uploads\/IMG-1671.jpg\"><img loading=\"lazy\" decoding=\"async\" width=\"600\" height=\"318\" src=\"https:\/\/www.cykelsemester.se\/cykeluthyrning\/wp-content\/uploads\/IMG-1671-600x318.jpg\" class=\"wp-post-image skip-lazy\" alt=\"\" title=\"IMG-1671\" data-caption=\"\" data-src=\"https:\/\/www.cykelsemester.se\/cykeluthyrning\/wp-content\/uploads\/IMG-1671.jpg\" data-large_image=\"https:\/\/www.cykelsemester.se\/cykeluthyrning\/wp-content\/uploads\/IMG-1671.jpg\" data-large_image_width=\"1024\" data-large_image_height=\"542\" srcset=\"https:\/\/www.cykelsemester.se\/cykeluthyrning\/wp-content\/uploads\/IMG-1671-600x318.jpg 600w, https:\/\/www.cykelsemester.se\/cykeluthyrning\/wp-content\/uploads\/IMG-1671-756x400.jpg 756w, https:\/\/www.cykelsemester.se\/cykeluthyrning\/wp-content\/uploads\/IMG-1671-768x407.jpg 768w, https:\/\/www.cykelsemester.se\/cykeluthyrning\/wp-content\/uploads\/IMG-1671.jpg 1024w\" sizes=\"auto, (max-width: 600px) 100vw, 600px\" \/><\/a><\/div><div data-thumb=\"https:\/\/www.cykelsemester.se\/cykeluthyrning\/wp-content\/uploads\/432193_original_go\u0308ta_kanal-100x100.jpeg\" data-thumb-alt=\"\" class=\"woocommerce-product-gallery__image slide\"><a href=\"https:\/\/www.cykelsemester.se\/cykeluthyrning\/wp-content\/uploads\/432193_original_go\u0308ta_kanal.jpeg\"><img loading=\"lazy\" decoding=\"async\" width=\"600\" height=\"600\" src=\"https:\/\/www.cykelsemester.se\/cykeluthyrning\/wp-content\/uploads\/432193_original_go\u0308ta_kanal-600x600.jpeg\" class=\"skip-lazy\" alt=\"\" title=\"432193_original_go\u0308ta_kanal\" data-caption=\"\" data-src=\"https:\/\/www.cykelsemester.se\/cykeluthyrning\/wp-content\/uploads\/432193_original_go\u0308ta_kanal.jpeg\" data-large_image=\"https:\/\/www.cykelsemester.se\/cykeluthyrning\/wp-content\/uploads\/432193_original_go\u0308ta_kanal.jpeg\" data-large_image_width=\"960\" data-large_image_height=\"960\" srcset=\"https:\/\/www.cykelsemester.se\/cykeluthyrning\/wp-content\/uploads\/432193_original_go\u0308ta_kanal-600x600.jpeg 600w, https:\/\/www.cykelsemester.se\/cykeluthyrning\/wp-content\/uploads\/432193_original_go\u0308ta_kanal-400x400.jpeg 400w, https:\/\/www.cykelsemester.se\/cykeluthyrning\/wp-content\/uploads\/432193_original_go\u0308ta_kanal-100x100.jpeg 100w, https:\/\/www.cykelsemester.se\/cykeluthyrning\/wp-content\/uploads\/432193_original_go\u0308ta_kanal-800x800.jpeg 800w, https:\/\/www.cykelsemester.se\/cykeluthyrning\/wp-content\/uploads\/432193_original_go\u0308ta_kanal-280x280.jpeg 280w, https:\/\/www.cykelsemester.se\/cykeluthyrning\/wp-content\/uploads\/432193_original_go\u0308ta_kanal-768x768.jpeg 768w, https:\/\/www.cykelsemester.se\/cykeluthyrning\/wp-content\/uploads\/432193_original_go\u0308ta_kanal-300x300.jpeg 300w, https:\/\/www.cykelsemester.se\/cykeluthyrning\/wp-content\/uploads\/432193_original_go\u0308ta_kanal.jpeg 960w\" sizes=\"auto, (max-width: 600px) 100vw, 600px\" \/><\/a><\/div><div data-thumb=\"https:\/\/www.cykelsemester.se\/cykeluthyrning\/wp-content\/uploads\/Bild-familj-scaled-100x100.jpeg\" data-thumb-alt=\"\" class=\"woocommerce-product-gallery__image slide\"><a href=\"https:\/\/www.cykelsemester.se\/cykeluthyrning\/wp-content\/uploads\/Bild-familj-scaled.jpeg\"><img loading=\"lazy\" decoding=\"async\" width=\"600\" height=\"800\" src=\"https:\/\/www.cykelsemester.se\/cykeluthyrning\/wp-content\/uploads\/Bild-familj-scaled-600x800.jpeg\" class=\"skip-lazy\" alt=\"\" title=\"Bild familj\" data-caption=\"\" data-src=\"https:\/\/www.cykelsemester.se\/cykeluthyrning\/wp-content\/uploads\/Bild-familj-scaled.jpeg\" data-large_image=\"https:\/\/www.cykelsemester.se\/cykeluthyrning\/wp-content\/uploads\/Bild-familj-scaled.jpeg\" data-large_image_width=\"1920\" data-large_image_height=\"2560\" srcset=\"https:\/\/www.cykelsemester.se\/cykeluthyrning\/wp-content\/uploads\/Bild-familj-scaled-600x800.jpeg 600w, https:\/\/www.cykelsemester.se\/cykeluthyrning\/wp-content\/uploads\/Bild-familj-300x400.jpeg 300w, https:\/\/www.cykelsemester.se\/cykeluthyrning\/wp-content\/uploads\/Bild-familj-768x1024.jpeg 768w, https:\/\/www.cykelsemester.se\/cykeluthyrning\/wp-content\/uploads\/Bild-familj-1152x1536.jpeg 1152w, https:\/\/www.cykelsemester.se\/cykeluthyrning\/wp-content\/uploads\/Bild-familj-1536x2048.jpeg 1536w, https:\/\/www.cykelsemester.se\/cykeluthyrning\/wp-content\/uploads\/Bild-familj-scaled.jpeg 1920w\" sizes=\"auto, (max-width: 600px) 100vw, 600px\" \/><\/a><\/div><div data-thumb=\"https:\/\/www.cykelsemester.se\/cykeluthyrning\/wp-content\/uploads\/IMG-1098-scaled-100x100.jpg\" data-thumb-alt=\"\" class=\"woocommerce-product-gallery__image slide\"><a href=\"https:\/\/www.cykelsemester.se\/cykeluthyrning\/wp-content\/uploads\/IMG-1098-scaled.jpg\"><img loading=\"lazy\" decoding=\"async\" width=\"600\" height=\"800\" src=\"https:\/\/www.cykelsemester.se\/cykeluthyrning\/wp-content\/uploads\/IMG-1098-scaled-600x800.jpg\" class=\"skip-lazy\" alt=\"\" title=\"IMG-1098\" data-caption=\"\" data-src=\"https:\/\/www.cykelsemester.se\/cykeluthyrning\/wp-content\/uploads\/IMG-1098-scaled.jpg\" data-large_image=\"https:\/\/www.cykelsemester.se\/cykeluthyrning\/wp-content\/uploads\/IMG-1098-scaled.jpg\" data-large_image_width=\"1920\" data-large_image_height=\"2560\" srcset=\"https:\/\/www.cykelsemester.se\/cykeluthyrning\/wp-content\/uploads\/IMG-1098-scaled-600x800.jpg 600w, https:\/\/www.cykelsemester.se\/cykeluthyrning\/wp-content\/uploads\/IMG-1098-300x400.jpg 300w, https:\/\/www.cykelsemester.se\/cykeluthyrning\/wp-content\/uploads\/IMG-1098-768x1024.jpg 768w, https:\/\/www.cykelsemester.se\/cykeluthyrning\/wp-content\/uploads\/IMG-1098-1152x1536.jpg 1152w, https:\/\/www.cykelsemester.se\/cykeluthyrning\/wp-content\/uploads\/IMG-1098-1536x2048.jpg 1536w, https:\/\/www.cykelsemester.se\/cykeluthyrning\/wp-content\/uploads\/IMG-1098-scaled.jpg 1920w\" sizes=\"auto, (max-width: 600px) 100vw, 600px\" \/><\/a><\/div><div data-thumb=\"https:\/\/www.cykelsemester.se\/cykeluthyrning\/wp-content\/uploads\/IMG-2484-100x100.jpg\" data-thumb-alt=\"\" class=\"woocommerce-product-gallery__image slide\"><a href=\"https:\/\/www.cykelsemester.se\/cykeluthyrning\/wp-content\/uploads\/IMG-2484.jpg\"><img loading=\"lazy\" decoding=\"async\" width=\"472\" height=\"399\" src=\"https:\/\/www.cykelsemester.se\/cykeluthyrning\/wp-content\/uploads\/IMG-2484.jpg\" class=\"skip-lazy\" alt=\"\" title=\"IMG-2484\" data-caption=\"\" data-src=\"https:\/\/www.cykelsemester.se\/cykeluthyrning\/wp-content\/uploads\/IMG-2484.jpg\" data-large_image=\"https:\/\/www.cykelsemester.se\/cykeluthyrning\/wp-content\/uploads\/IMG-2484.jpg\" data-large_image_width=\"472\" data-large_image_height=\"399\" \/><\/a><\/div><div data-thumb=\"https:\/\/www.cykelsemester.se\/cykeluthyrning\/wp-content\/uploads\/IMG-2480-100x100.jpg\" data-thumb-alt=\"\" class=\"woocommerce-product-gallery__image slide\"><a href=\"https:\/\/www.cykelsemester.se\/cykeluthyrning\/wp-content\/uploads\/IMG-2480.jpg\"><img loading=\"lazy\" decoding=\"async\" width=\"600\" height=\"388\" src=\"https:\/\/www.cykelsemester.se\/cykeluthyrning\/wp-content\/uploads\/IMG-2480-600x388.jpg\" class=\"skip-lazy\" alt=\"\" title=\"IMG-2480\" data-caption=\"\" data-src=\"https:\/\/www.cykelsemester.se\/cykeluthyrning\/wp-content\/uploads\/IMG-2480.jpg\" data-large_image=\"https:\/\/www.cykelsemester.se\/cykeluthyrning\/wp-content\/uploads\/IMG-2480.jpg\" data-large_image_width=\"1000\" data-large_image_height=\"646\" srcset=\"https:\/\/www.cykelsemester.se\/cykeluthyrning\/wp-content\/uploads\/IMG-2480-600x388.jpg 600w, https:\/\/www.cykelsemester.se\/cykeluthyrning\/wp-content\/uploads\/IMG-2480-619x400.jpg 619w, https:\/\/www.cykelsemester.se\/cykeluthyrning\/wp-content\/uploads\/IMG-2480-768x496.jpg 768w, https:\/\/www.cykelsemester.se\/cykeluthyrning\/wp-content\/uploads\/IMG-2480.jpg 1000w\" sizes=\"auto, (max-width: 600px) 100vw, 600px\" \/><\/a><\/div><div data-thumb=\"https:\/\/www.cykelsemester.se\/cykeluthyrning\/wp-content\/uploads\/IMG-2479-100x100.jpg\" data-thumb-alt=\"\" class=\"woocommerce-product-gallery__image slide\"><a href=\"https:\/\/www.cykelsemester.se\/cykeluthyrning\/wp-content\/uploads\/IMG-2479.jpg\"><img loading=\"lazy\" decoding=\"async\" width=\"600\" height=\"399\" src=\"https:\/\/www.cykelsemester.se\/cykeluthyrning\/wp-content\/uploads\/IMG-2479-600x399.jpg\" class=\"skip-lazy\" alt=\"\" title=\"IMG-2479\" data-caption=\"\" data-src=\"https:\/\/www.cykelsemester.se\/cykeluthyrning\/wp-content\/uploads\/IMG-2479.jpg\" data-large_image=\"https:\/\/www.cykelsemester.se\/cykeluthyrning\/wp-content\/uploads\/IMG-2479.jpg\" data-large_image_width=\"1000\" data-large_image_height=\"665\" srcset=\"https:\/\/www.cykelsemester.se\/cykeluthyrning\/wp-content\/uploads\/IMG-2479-600x399.jpg 600w, https:\/\/www.cykelsemester.se\/cykeluthyrning\/wp-content\/uploads\/IMG-2479-602x400.jpg 602w, https:\/\/www.cykelsemester.se\/cykeluthyrning\/wp-content\/uploads\/IMG-2479-768x511.jpg 768w, https:\/\/www.cykelsemester.se\/cykeluthyrning\/wp-content\/uploads\/IMG-2479.jpg 1000w\" sizes=\"auto, (max-width: 600px) 100vw, 600px\" \/><\/a><\/div><div data-thumb=\"https:\/\/www.cykelsemester.se\/cykeluthyrning\/wp-content\/uploads\/cykelbild-Gota-kanal-2-100x100.jpg\" data-thumb-alt=\"\" class=\"woocommerce-product-gallery__image slide\"><a href=\"https:\/\/www.cykelsemester.se\/cykeluthyrning\/wp-content\/uploads\/cykelbild-Gota-kanal-2.jpg\"><img loading=\"lazy\" decoding=\"async\" width=\"600\" height=\"399\" src=\"https:\/\/www.cykelsemester.se\/cykeluthyrning\/wp-content\/uploads\/cykelbild-Gota-kanal-2-600x399.jpg\" class=\"skip-lazy\" alt=\"\" title=\"cykelbild-G\u00f6ta-kanal\" data-caption=\"\" data-src=\"https:\/\/www.cykelsemester.se\/cykeluthyrning\/wp-content\/uploads\/cykelbild-Gota-kanal-2.jpg\" data-large_image=\"https:\/\/www.cykelsemester.se\/cykeluthyrning\/wp-content\/uploads\/cykelbild-Gota-kanal-2.jpg\" data-large_image_width=\"2048\" data-large_image_height=\"1362\" srcset=\"https:\/\/www.cykelsemester.se\/cykeluthyrning\/wp-content\/uploads\/cykelbild-Gota-kanal-2-600x399.jpg 600w, https:\/\/www.cykelsemester.se\/cykeluthyrning\/wp-content\/uploads\/cykelbild-Gota-kanal-2-601x400.jpg 601w, https:\/\/www.cykelsemester.se\/cykeluthyrning\/wp-content\/uploads\/cykelbild-Gota-kanal-2-1203x800.jpg 1203w, https:\/\/www.cykelsemester.se\/cykeluthyrning\/wp-content\/uploads\/cykelbild-Gota-kanal-2-768x511.jpg 768w, https:\/\/www.cykelsemester.se\/cykeluthyrning\/wp-content\/uploads\/cykelbild-Gota-kanal-2-1536x1022.jpg 1536w, https:\/\/www.cykelsemester.se\/cykeluthyrning\/wp-content\/uploads\/cykelbild-Gota-kanal-2.jpg 2048w\" sizes=\"auto, (max-width: 600px) 100vw, 600px\" \/><\/a><\/div><div data-thumb=\"https:\/\/www.cykelsemester.se\/cykeluthyrning\/wp-content\/uploads\/1700137_Cyklister_gotakanal_4_OskarLr\u00aen-2-100x100.jpg\" data-thumb-alt=\"\" class=\"woocommerce-product-gallery__image slide\"><a href=\"https:\/\/www.cykelsemester.se\/cykeluthyrning\/wp-content\/uploads\/1700137_Cyklister_gotakanal_4_OskarLr\u00aen-2.jpg\"><img loading=\"lazy\" decoding=\"async\" width=\"600\" height=\"400\" src=\"https:\/\/www.cykelsemester.se\/cykeluthyrning\/wp-content\/uploads\/1700137_Cyklister_gotakanal_4_OskarLr\u00aen-2-600x400.jpg\" class=\"skip-lazy\" alt=\"\" title=\"1700137_Cyklister_gotakanal_4_OskarLr\u00aen\" data-caption=\"\" data-src=\"https:\/\/www.cykelsemester.se\/cykeluthyrning\/wp-content\/uploads\/1700137_Cyklister_gotakanal_4_OskarLr\u00aen-2.jpg\" data-large_image=\"https:\/\/www.cykelsemester.se\/cykeluthyrning\/wp-content\/uploads\/1700137_Cyklister_gotakanal_4_OskarLr\u00aen-2.jpg\" data-large_image_width=\"2048\" data-large_image_height=\"1367\" srcset=\"https:\/\/www.cykelsemester.se\/cykeluthyrning\/wp-content\/uploads\/1700137_Cyklister_gotakanal_4_OskarLr\u00aen-2-600x400.jpg 600w, https:\/\/www.cykelsemester.se\/cykeluthyrning\/wp-content\/uploads\/1700137_Cyklister_gotakanal_4_OskarLr\u00aen-2-599x400.jpg 599w, https:\/\/www.cykelsemester.se\/cykeluthyrning\/wp-content\/uploads\/1700137_Cyklister_gotakanal_4_OskarLr\u00aen-2-1199x800.jpg 1199w, https:\/\/www.cykelsemester.se\/cykeluthyrning\/wp-content\/uploads\/1700137_Cyklister_gotakanal_4_OskarLr\u00aen-2-768x513.jpg 768w, https:\/\/www.cykelsemester.se\/cykeluthyrning\/wp-content\/uploads\/1700137_Cyklister_gotakanal_4_OskarLr\u00aen-2-1536x1025.jpg 1536w, https:\/\/www.cykelsemester.se\/cykeluthyrning\/wp-content\/uploads\/1700137_Cyklister_gotakanal_4_OskarLr\u00aen-2.jpg 2048w\" sizes=\"auto, (max-width: 600px) 100vw, 600px\" \/><\/a><\/div><div data-thumb=\"https:\/\/www.cykelsemester.se\/cykeluthyrning\/wp-content\/uploads\/cykelsemester46-100x100.jpg\" data-thumb-alt=\"\" class=\"woocommerce-product-gallery__image slide\"><a href=\"https:\/\/www.cykelsemester.se\/cykeluthyrning\/wp-content\/uploads\/cykelsemester46.jpg\"><img loading=\"lazy\" decoding=\"async\" width=\"600\" height=\"400\" src=\"https:\/\/www.cykelsemester.se\/cykeluthyrning\/wp-content\/uploads\/cykelsemester46-600x400.jpg\" class=\"skip-lazy\" alt=\"\" title=\"cykelsemester46\" data-caption=\"\" data-src=\"https:\/\/www.cykelsemester.se\/cykeluthyrning\/wp-content\/uploads\/cykelsemester46.jpg\" data-large_image=\"https:\/\/www.cykelsemester.se\/cykeluthyrning\/wp-content\/uploads\/cykelsemester46.jpg\" data-large_image_width=\"1920\" data-large_image_height=\"1280\" srcset=\"https:\/\/www.cykelsemester.se\/cykeluthyrning\/wp-content\/uploads\/cykelsemester46-600x400.jpg 600w, https:\/\/www.cykelsemester.se\/cykeluthyrning\/wp-content\/uploads\/cykelsemester46-1200x800.jpg 1200w, https:\/\/www.cykelsemester.se\/cykeluthyrning\/wp-content\/uploads\/cykelsemester46-768x512.jpg 768w, https:\/\/www.cykelsemester.se\/cykeluthyrning\/wp-content\/uploads\/cykelsemester46-1536x1024.jpg 1536w, https:\/\/www.cykelsemester.se\/cykeluthyrning\/wp-content\/uploads\/cykelsemester46.jpg 1920w\" sizes=\"auto, (max-width: 600px) 100vw, 600px\" \/><\/a><\/div>  <\/figure>\n\n  <div class=\"image-tools absolute bottom left z-3\">\n        <a href=\"#product-zoom\" class=\"zoom-button button is-outline circle icon tooltip hide-for-small\" title=\"Zooma\">\n      <i class=\"icon-expand\" ><\/i>    <\/a>\n   <\/div>\n<\/div>\n\n\t<div class=\"product-thumbnails thumbnails slider row row-small row-slider slider-nav-small small-columns-4\"\n\t\tdata-flickity-options='{\n\t\t\t\"cellAlign\": \"left\",\n\t\t\t\"wrapAround\": false,\n\t\t\t\"autoPlay\": false,\n\t\t\t\"prevNextButtons\": true,\n\t\t\t\"asNavFor\": \".product-gallery-slider\",\n\t\t\t\"percentPosition\": true,\n\t\t\t\"imagesLoaded\": true,\n\t\t\t\"pageDots\": false,\n\t\t\t\"rightToLeft\": false,\n\t\t\t\"contain\": true\n\t\t}'>\n\t\t\t\t\t<div class=\"col is-nav-selected first\">\n\t\t\t\t<a>\n\t\t\t\t\t<img loading=\"lazy\" decoding=\"async\" src=\"https:\/\/www.cykelsemester.se\/cykeluthyrning\/wp-content\/uploads\/IMG-1671-400x400.jpg\" alt=\"\" width=\"400\" height=\"400\" class=\"attachment-woocommerce_thumbnail\" \/>\t\t\t\t<\/a>\n\t\t\t<\/div><div class=\"col\"><a><img loading=\"lazy\" decoding=\"async\" src=\"https:\/\/www.cykelsemester.se\/cykeluthyrning\/wp-content\/uploads\/432193_original_go\u0308ta_kanal-400x400.jpeg\" alt=\"\" width=\"400\" height=\"400\"  class=\"attachment-woocommerce_thumbnail\" \/><\/a><\/div><div class=\"col\"><a><img loading=\"lazy\" decoding=\"async\" src=\"https:\/\/www.cykelsemester.se\/cykeluthyrning\/wp-content\/uploads\/Bild-familj-scaled-400x400.jpeg\" alt=\"\" width=\"400\" height=\"400\"  class=\"attachment-woocommerce_thumbnail\" \/><\/a><\/div><div class=\"col\"><a><img loading=\"lazy\" decoding=\"async\" src=\"https:\/\/www.cykelsemester.se\/cykeluthyrning\/wp-content\/uploads\/IMG-1098-scaled-400x400.jpg\" alt=\"\" width=\"400\" height=\"400\"  class=\"attachment-woocommerce_thumbnail\" \/><\/a><\/div><div class=\"col\"><a><img loading=\"lazy\" decoding=\"async\" src=\"https:\/\/www.cykelsemester.se\/cykeluthyrning\/wp-content\/uploads\/IMG-2484.jpg\" alt=\"\" width=\"400\" height=\"400\"  class=\"attachment-woocommerce_thumbnail\" \/><\/a><\/div><div class=\"col\"><a><img loading=\"lazy\" decoding=\"async\" src=\"https:\/\/www.cykelsemester.se\/cykeluthyrning\/wp-content\/uploads\/IMG-2480-400x400.jpg\" alt=\"\" width=\"400\" height=\"400\"  class=\"attachment-woocommerce_thumbnail\" \/><\/a><\/div><div class=\"col\"><a><img loading=\"lazy\" decoding=\"async\" src=\"https:\/\/www.cykelsemester.se\/cykeluthyrning\/wp-content\/uploads\/IMG-2479-400x400.jpg\" alt=\"\" width=\"400\" height=\"400\"  class=\"attachment-woocommerce_thumbnail\" \/><\/a><\/div><div class=\"col\"><a><img loading=\"lazy\" decoding=\"async\" src=\"https:\/\/www.cykelsemester.se\/cykeluthyrning\/wp-content\/uploads\/cykelbild-Gota-kanal-2-400x400.jpg\" alt=\"\" width=\"400\" height=\"400\"  class=\"attachment-woocommerce_thumbnail\" \/><\/a><\/div><div class=\"col\"><a><img loading=\"lazy\" decoding=\"async\" src=\"https:\/\/www.cykelsemester.se\/cykeluthyrning\/wp-content\/uploads\/1700137_Cyklister_gotakanal_4_OskarLr\u00aen-2-400x400.jpg\" alt=\"\" width=\"400\" height=\"400\"  class=\"attachment-woocommerce_thumbnail\" \/><\/a><\/div><div class=\"col\"><a><img loading=\"lazy\" decoding=\"async\" src=\"https:\/\/www.cykelsemester.se\/cykeluthyrning\/wp-content\/uploads\/cykelsemester46-400x400.jpg\" alt=\"\" width=\"400\" height=\"400\"  class=\"attachment-woocommerce_thumbnail\" \/><\/a><\/div>\t<\/div>\n\t    \t<\/div>\n\n    \t<div class=\"product-info summary col-fit col entry-summary product-summary text-left form-flat\">\n\n    \t\t<h1 class=\"product-title product_title entry-title\">\n\tBokning av cyklar och tillbeh\u00f6r<\/h1>\n\n<div class=\"price-wrapper\">\n\t<p class=\"price product-page-price \">\n  <span class=\"woocommerce-Price-amount amount\"><bdi>250&nbsp;<span class=\"woocommerce-Price-currencySymbol\">&#107;&#114;<\/span><\/bdi><\/span><\/p>\n<\/div>\n\t<script>\n\t\t\/\/ To Reload the page if customer is going to any product page by clicking back button\n\t\twindow.addEventListener( \"pageshow\", function ( event ) {\n\t\t\tvar historyTraversal = event.persisted || ( typeof window.performance != \"undefined\" && window.performance.navigation.type === 2 );\n\t\t\tif ( historyTraversal ) {\n\t\t\t\t\/\/ Handle page restore.\n\t\t\t\twindow.location.reload();\n\t\t\t}\n\t\t\t});\n\t\t<\/script>\n\n\t\t<!-- 108065 - Wrong months in Firefox -->\n\t<form class=\"cart\" action=\"\" method=\"post\" enctype='multipart\/form-data' autocomplete=\"off\">\n\t\t<div class=\"booking-wraper\">\n\t\t\t<div>\n\t\t\t\t<input type=\"hidden\" class=\"phive_booked_price\" name=\"phive_booked_price\" id=\"phive_booked_price\" value=''\/>\n\t\t\t\t<input type=\"hidden\" id=\"phive_product_id\" value='886'\/>\n\t\t\t\t\n\t\t\t\t<input type=\"hidden\"  name=\"phive_book_from_date\"   class=\"ph-date-from ph-datepicker\" value=\"\">\n\t\t\t\t<input type=\"hidden\"  name=\"phive_book_to_date\"   class=\"ph-datepicker ph-date-to\" value=\"\">\n\n\t\t\t\t<input type=\"hidden\" id=\"plugin_dir_url\" value=\"https:\/\/www.cykelsemester.se\/cykeluthyrning\/wp-content\/plugins\/ph-bookings-appointments-woocommerce-premium\">\n\t\t\t\t<!-- for addon -->\n\t\t\t\t<input type=\"hidden\" class=\"display_time_to\" name=\"phive_display_time_to\" value=\"\">\n\t\t\t\t<input type=\"hidden\" class=\"display_time_from\" name=\"phive_display_time_from\" value=\"\">\n\t\t\t\t<input type=\"hidden\" class=\"time_offset\" value=\"0\">\n\t\t\t\t<input type=\"hidden\" class=\"from_text\" value=\"\">\n\t\t\t\t<input type=\"hidden\" class=\"to_text\" value=\"\">\n\t\t\t\t<input type=\"hidden\" class=\"book_interval_period\" value=\"day\">\n\t\t\t\t<input type=\"hidden\" class=\"book_interval\" value=\"1\">\n\t\t\t\t<input type=\"hidden\" id=\"ph_booking_wp_date_format\" value=\"F j, Y\">\n\t\t\t\t<input type=\"hidden\" id=\"ph_booking_wp_time_format\" value=\"g:i a\">\n\t\t\t\t<input type=\"hidden\" id=\"phive_booking_maximum_number_of_allowed_participant\" value=\"\">\n\t\t\t\t<input type=\"hidden\" id=\"phive_booking_minimum_number_of_required_participant\" value=\"1\">\n\t\t\t\t<input type=\"hidden\" class=\"shop_opening_time\" value=\"\">\n\t\t\t\t<input type=\"hidden\" class=\"shop_closing_time\" value=\"\">\n\t\t\t\t<input type=\"hidden\" class=\"across_the_day_booking\" value=\"yes\">\n\t\t\t\t<input type=\"hidden\" name=\"ph_booking_addon_data\" class=\"ph_booking_addon_data\" value=\"\">\n\t\t\t\t<input type=\"hidden\" name=\"ph_booking_product_addon_data\" class=\"ph_booking_product_addon_data\" value=\"\">\n\t\t\t\t<input type=\"hidden\" id=\"auto_select_min_block\" name=\"auto_select_min_block\" class=\"auto_select_min_block\" value=\"yes\">\n\t\t\t\t<input type=\"hidden\" id=\"end_time_display\" name=\"end_time_display\" class=\"end_time_display\" value=\"no\">\n\t\t\t\t<input type=\"hidden\" id=\"calendar_design\" name=\"calendar_design\" class=\"calendar_design\" value=\"1\">\n\t\t\t\t<input type=\"hidden\" class=\"ph_time_zone_conversion_active\" value=\"no\">\n\t\t\t\t<input type=\"hidden\" id=\"reset_action\" name=\"reset_action\" class=\"reset_action\" value=\"1\">\n\t\t\t\t<!-- <p><\/p> -->\n\t\t\t<\/div>\n\t\t\t<div>\n\t\t\t\t<div class=\"date-picker-wraper\">\n            <style type=\"text\/css\">\n            .ph-calendar-month{\n                background: #539bbe !important;\n            }\n            .booking-full{\n                background: #dadada !important;\n            }\n\t\t\t.can-be-checkout-date\n\t\t\t{\n\t\t\t\tbackground: transparent !important;\n\t\t\t}\n            .timepicker-selected-date, .selected-date{\n                background: #6aa3f1 !important;\n                border:  0px solid #6aa3f1 !important;\n            }\n            .booking-info-wraper{\n                background: #539bbe !important;\n            }\n            .ph-calendar-weekdays{\n                background: #ddd !important;\n            }\n            .ph-calendar-days{\n                background: #eee !important;\n            }\n\n\t\t\tli.ph-calendar-date.mouse_hover, li.ph-calendar-date:hover {\n\t\t\t    background: #6aa3f1 !important;\n\t\t\t}\n\t\t\tli.ph-calendar-date.de-active:hover{\n\t\t\t\tbackground: none !important;\n\t\t\t}\n            li.ph-calendar-date.booking-full.de-active:hover{\n\t\t\t\tbackground: #dadada !important;\n\t\t\t}\n\t\t\t\n\t\t\t.please_pick_a_date_text\n\t\t\t{\n\t\t\t\tbackground: #eee !important;\n\t\t\t\tmargin-left: 0 !important; \n\t\t\t\tpadding: 10px 0 !important;\n\t\t\t\tmargin-top: 1em !important;\n\t\t\t}\n\t\t\t.button.alt\n\t\t\t{\n\t\t\t\tbackground-color: #1a1a1a !important;\n\t\t\t\tcolor: #ffffff !important;\n\t\t\t}\n\t\t\t.booking-info-wraper, .booking-info-wraper p \n\t\t\t{\n\t\t\t\tcolor: #ffffff !important;\n\t\t\t}\n\t\t\t.ph-calendar-days li,.time-picker-wraper #ph-calendar-time li.ph-calendar-date\n\t\t\t{\n\t\t\t\tcolor: #777;\n\t\t\t}\n\t\t\t.ph-calendar-weekdays li\n\t\t\t{\n\t\t\t\tcolor: #ffffff;\n\t\t\t}\n\t\t\t.span-month, .span-year,.ph-prev,.ph-next\n\t\t\t{\n\t\t\t\tcolor: #ffffff !important;\n\t\t\t}\n\n\t\t\tli.ph-calendar-date.de-active.mouse_hover:hover {\n\t\t\t\tbackground: #6aa3f1 !important;\n\t\t\t}\n\t\t\tli.ph-calendar-date.booking-full.can-be-checkout-date, .ph-calendar-date.not-available.can-be-checkout-date\n\t\t\t{\n\t\t\t\tcolor: #777 !important;\n\t\t\t}\n\t\t\tli.ph-calendar-date.de-active.can-be-checkout-date:hover\n\t\t\t{\n\t\t\t\tbackground: #6aa3f1 !important;\n\t\t\t}\n\t\t<\/style>\n\t\t\t\n\t\t\n    <!-- <link rel=\"stylesheet\" href=\"https:\/\/cdnjs.cloudflare.com\/ajax\/libs\/semantic-ui\/2.4.1\/semantic.min.css\" \/> -->\n\t<input type=\"hidden\" id=\"calender_type\" value=\"date\">\n\t<input type=\"hidden\" id=\"ph_display_booking_capacity\" value=\"no\">\n\t<input type=\"hidden\" id=\"book_interval_type\" value=\"customer_choosen\">\n\t<input type=\"hidden\" id=\"book_interval\" value=\"1\">\n\t<input type=\"hidden\" id=\"book_min_allowed_slot\" value=\"\">\n\t<input type=\"hidden\" id=\"book_max_allowed_slot\" value=\"10\">\n\t<input type=\"hidden\" id=\"charge_per_night\" value=\"no\">\n\t<input type=\"hidden\" name=\"persons_as_booking\" id=\"persons_as_booking\" value=\"yes\">\n\t\n\t\t<!-- <div class=\"callender-msg\"><php _e( $booking_text, 'bookings-and-appointments-for-woocommerce' )?><\/div> -->\n\t\t<div class=\"ph-calendar-container\">\n\t\t<div class=\"ph-calendar-month\">\t\t\t\n\t\t\t<ul>\n\t\t\t\t\t\t\t\t\t<li class=\"ph-prev\" >&#10094;<\/li>\n\t\t\t\t\t<li class=\"ph-next\" >&#10095;<\/li>\n\t\t\t\t\n\t\t\t\t\n\t\t\t\t<li class=\"ph-month\">\n\t\t\t\t\t<div class=\"month-year-wraper\">\n\t\t\t\t\t\t<span class=\"span-month\">maj<\/span>\n\t\t\t\t\t\t<span class=\"span-year\">2026<\/span> \n\t\t\t\t\t\t<input type=\"text\" readonly size=\"12\" class=\"callender-month\" value=\"May\" style=\"opacity: 0 !important; filter: alpha(opacity=0)!important;\">\n\t\t\t\t\t\t<input type=\"text\" readonly size=\"5\" class=\"callender-year\" value=\"2026\" style=\"opacity: 0 !important; filter: alpha(opacity=0)!important;\">\n\t\t\t\t\t<\/div>\n\t\t\t\t<\/li>\n\t\t\t<\/ul>\n\t\t<\/div>\n\n\t\t<ul class=\"ph-calendar-weekdays\">\n\t\t\t<li>M\u00e5<\/li><li>Ti<\/li><li>On<\/li><li>To<\/li><li>Fr<\/li><li>L\u00f6<\/li><li>S\u00f6<\/li>\t\t<\/ul>\n\n\t\t<ul class=\"ph-calendar-days ph-ul-date ph_booking_no_place_left\" id=\"ph-calendar-days\" style=\"position: relative;\">\n\t\t\t<div class=\"ph-calendar-overlay\" id=\"ph-calendar-overlay\" style=\"display:none\"><\/div><li class=\"ph-calendar-date\"><\/li><li class=\"ph-calendar-date\"><\/li><li class=\"ph-calendar-date\"><\/li><li class=\"ph-calendar-date\"><\/li><li class=\"ph-calendar-date today\" data-max=\"100\" data-title=\"100\" title=\"\"> <input type=\"hidden\" class=\"callender-date\" value=\"1\"\/> <input type=\"hidden\" class=\"callender-full-date\"  value=\"2026-05-01\"><span class=\"ph_calendar_day\">01<\/span><\/li><li class=\"ph-calendar-date\" data-max=\"100\" data-title=\"100\" title=\"\"> <input type=\"hidden\" class=\"callender-date\" value=\"2\"\/> <input type=\"hidden\" class=\"callender-full-date\"  value=\"2026-05-02\"><span class=\"ph_calendar_day\">02<\/span><\/li><li class=\"ph-calendar-date\" data-max=\"100\" data-title=\"100\" title=\"\"> <input type=\"hidden\" class=\"callender-date\" value=\"3\"\/> <input type=\"hidden\" class=\"callender-full-date\"  value=\"2026-05-03\"><span class=\"ph_calendar_day\">03<\/span><\/li><li class=\"ph-calendar-date\" data-max=\"100\" data-title=\"100\" title=\"\"> <input type=\"hidden\" class=\"callender-date\" value=\"4\"\/> <input type=\"hidden\" class=\"callender-full-date\"  value=\"2026-05-04\"><span class=\"ph_calendar_day\">04<\/span><\/li><li class=\"ph-calendar-date\" data-max=\"100\" data-title=\"100\" title=\"\"> <input type=\"hidden\" class=\"callender-date\" value=\"5\"\/> <input type=\"hidden\" class=\"callender-full-date\"  value=\"2026-05-05\"><span class=\"ph_calendar_day\">05<\/span><\/li><li class=\"ph-calendar-date\" data-max=\"100\" data-title=\"100\" title=\"\"> <input type=\"hidden\" class=\"callender-date\" value=\"6\"\/> <input type=\"hidden\" class=\"callender-full-date\"  value=\"2026-05-06\"><span class=\"ph_calendar_day\">06<\/span><\/li><li class=\"ph-calendar-date\" data-max=\"100\" data-title=\"100\" title=\"\"> <input type=\"hidden\" class=\"callender-date\" value=\"7\"\/> <input type=\"hidden\" class=\"callender-full-date\"  value=\"2026-05-07\"><span class=\"ph_calendar_day\">07<\/span><\/li><li class=\"ph-calendar-date\" data-max=\"100\" data-title=\"100\" title=\"\"> <input type=\"hidden\" class=\"callender-date\" value=\"8\"\/> <input type=\"hidden\" class=\"callender-full-date\"  value=\"2026-05-08\"><span class=\"ph_calendar_day\">08<\/span><\/li><li class=\"ph-calendar-date\" data-max=\"100\" data-title=\"100\" title=\"\"> <input type=\"hidden\" class=\"callender-date\" value=\"9\"\/> <input type=\"hidden\" class=\"callender-full-date\"  value=\"2026-05-09\"><span class=\"ph_calendar_day\">09<\/span><\/li><li class=\"ph-calendar-date\" data-max=\"100\" data-title=\"100\" title=\"\"> <input type=\"hidden\" class=\"callender-date\" value=\"10\"\/> <input type=\"hidden\" class=\"callender-full-date\"  value=\"2026-05-10\"><span class=\"ph_calendar_day\">10<\/span><\/li><li class=\"ph-calendar-date\" data-max=\"100\" data-title=\"100\" title=\"\"> <input type=\"hidden\" class=\"callender-date\" value=\"11\"\/> <input type=\"hidden\" class=\"callender-full-date\"  value=\"2026-05-11\"><span class=\"ph_calendar_day\">11<\/span><\/li><li class=\"ph-calendar-date\" data-max=\"100\" data-title=\"100\" title=\"\"> <input type=\"hidden\" class=\"callender-date\" value=\"12\"\/> <input type=\"hidden\" class=\"callender-full-date\"  value=\"2026-05-12\"><span class=\"ph_calendar_day\">12<\/span><\/li><li class=\"ph-calendar-date\" data-max=\"100\" data-title=\"100\" title=\"\"> <input type=\"hidden\" class=\"callender-date\" value=\"13\"\/> <input type=\"hidden\" class=\"callender-full-date\"  value=\"2026-05-13\"><span class=\"ph_calendar_day\">13<\/span><\/li><li class=\"ph-calendar-date\" data-max=\"100\" data-title=\"100\" title=\"\"> <input type=\"hidden\" class=\"callender-date\" value=\"14\"\/> <input type=\"hidden\" class=\"callender-full-date\"  value=\"2026-05-14\"><span class=\"ph_calendar_day\">14<\/span><\/li><li class=\"ph-calendar-date\" data-max=\"100\" data-title=\"100\" title=\"\"> <input type=\"hidden\" class=\"callender-date\" value=\"15\"\/> <input type=\"hidden\" class=\"callender-full-date\"  value=\"2026-05-15\"><span class=\"ph_calendar_day\">15<\/span><\/li><li class=\"ph-calendar-date\" data-max=\"100\" data-title=\"100\" title=\"\"> <input type=\"hidden\" class=\"callender-date\" value=\"16\"\/> <input type=\"hidden\" class=\"callender-full-date\"  value=\"2026-05-16\"><span class=\"ph_calendar_day\">16<\/span><\/li><li class=\"ph-calendar-date\" data-max=\"100\" data-title=\"100\" title=\"\"> <input type=\"hidden\" class=\"callender-date\" value=\"17\"\/> <input type=\"hidden\" class=\"callender-full-date\"  value=\"2026-05-17\"><span class=\"ph_calendar_day\">17<\/span><\/li><li class=\"ph-calendar-date\" data-max=\"100\" data-title=\"100\" title=\"\"> <input type=\"hidden\" class=\"callender-date\" value=\"18\"\/> <input type=\"hidden\" class=\"callender-full-date\"  value=\"2026-05-18\"><span class=\"ph_calendar_day\">18<\/span><\/li><li class=\"ph-calendar-date\" data-max=\"100\" data-title=\"100\" title=\"\"> <input type=\"hidden\" class=\"callender-date\" value=\"19\"\/> <input type=\"hidden\" class=\"callender-full-date\"  value=\"2026-05-19\"><span class=\"ph_calendar_day\">19<\/span><\/li><li class=\"ph-calendar-date\" data-max=\"100\" data-title=\"100\" title=\"\"> <input type=\"hidden\" class=\"callender-date\" value=\"20\"\/> <input type=\"hidden\" class=\"callender-full-date\"  value=\"2026-05-20\"><span class=\"ph_calendar_day\">20<\/span><\/li><li class=\"ph-calendar-date\" data-max=\"100\" data-title=\"100\" title=\"\"> <input type=\"hidden\" class=\"callender-date\" value=\"21\"\/> <input type=\"hidden\" class=\"callender-full-date\"  value=\"2026-05-21\"><span class=\"ph_calendar_day\">21<\/span><\/li><li class=\"ph-calendar-date\" data-max=\"100\" data-title=\"100\" title=\"\"> <input type=\"hidden\" class=\"callender-date\" value=\"22\"\/> <input type=\"hidden\" class=\"callender-full-date\"  value=\"2026-05-22\"><span class=\"ph_calendar_day\">22<\/span><\/li><li class=\"ph-calendar-date\" data-max=\"100\" data-title=\"100\" title=\"\"> <input type=\"hidden\" class=\"callender-date\" value=\"23\"\/> <input type=\"hidden\" class=\"callender-full-date\"  value=\"2026-05-23\"><span class=\"ph_calendar_day\">23<\/span><\/li><li class=\"ph-calendar-date\" data-max=\"100\" data-title=\"100\" title=\"\"> <input type=\"hidden\" class=\"callender-date\" value=\"24\"\/> <input type=\"hidden\" class=\"callender-full-date\"  value=\"2026-05-24\"><span class=\"ph_calendar_day\">24<\/span><\/li><li class=\"ph-calendar-date\" data-max=\"100\" data-title=\"100\" title=\"\"> <input type=\"hidden\" class=\"callender-date\" value=\"25\"\/> <input type=\"hidden\" class=\"callender-full-date\"  value=\"2026-05-25\"><span class=\"ph_calendar_day\">25<\/span><\/li><li class=\"ph-calendar-date\" data-max=\"100\" data-title=\"100\" title=\"\"> <input type=\"hidden\" class=\"callender-date\" value=\"26\"\/> <input type=\"hidden\" class=\"callender-full-date\"  value=\"2026-05-26\"><span class=\"ph_calendar_day\">26<\/span><\/li><li class=\"ph-calendar-date\" data-max=\"100\" data-title=\"100\" title=\"\"> <input type=\"hidden\" class=\"callender-date\" value=\"27\"\/> <input type=\"hidden\" class=\"callender-full-date\"  value=\"2026-05-27\"><span class=\"ph_calendar_day\">27<\/span><\/li><li class=\"ph-calendar-date\" data-max=\"100\" data-title=\"100\" title=\"\"> <input type=\"hidden\" class=\"callender-date\" value=\"28\"\/> <input type=\"hidden\" class=\"callender-full-date\"  value=\"2026-05-28\"><span class=\"ph_calendar_day\">28<\/span><\/li><li class=\"ph-calendar-date\" data-max=\"100\" data-title=\"100\" title=\"\"> <input type=\"hidden\" class=\"callender-date\" value=\"29\"\/> <input type=\"hidden\" class=\"callender-full-date\"  value=\"2026-05-29\"><span class=\"ph_calendar_day\">29<\/span><\/li><li class=\"ph-calendar-date\" data-max=\"100\" data-title=\"100\" title=\"\"> <input type=\"hidden\" class=\"callender-date\" value=\"30\"\/> <input type=\"hidden\" class=\"callender-full-date\"  value=\"2026-05-30\"><span class=\"ph_calendar_day\">30<\/span><\/li><li class=\"ph-calendar-date\" data-max=\"100\" data-title=\"100\" title=\"\"> <input type=\"hidden\" class=\"callender-date\" value=\"31\"\/> <input type=\"hidden\" class=\"callender-full-date\"  value=\"2026-05-31\"><span class=\"ph_calendar_day\">31<\/span><\/li>\t\t<\/ul>\n\t<\/div>\n\t<!-- <br> -->\n\t<!-- <ul class=\"please_pick_a_date_text\" id=\"please_pick_a_date_text\" style=\"position: relative;\">\n\t\t<center>\n\t\t\tVar god v\u00e4lj ett datum\t\t<\/center>\n\t<\/ul> -->\n<\/div>\n\n\t\t<div class=\"extra-resources participant_section\">\n\t\t\t\t\t\t\t\t<div class=\"participant_inner_section\">\n\t\t\t\t\t\t<div class=\"persons-title\">\n\t\t\t\t\t\t\t<label class=\"label-person\">Vuxencykel <span class='cs-hyra-tillval-pris'>(fr. 250kr\/dag)<\/span><\/label>\n\t\t\t\t\t\t<\/div>\n\t\t\t\t\t\t<div class=\"person-value button-group-container\">\n\t\t\t\t\t\t\t<a href=\"#\" class=\"input-person-minus\">&minus;<\/a>\n\t\t\t\t\t\t\t<input type=\"number\" name=\"phive_book_persons[]\" class=\"input-person shipping-price-related\" rule-key=\"persons-0\" \n\t\t\t\t\t\t\tvalue=\"0\" min=\"\" max=\"15\" last-val=\"\"  data-name=\"Vuxencykel <span class='cs-hyra-tillval-pris'>(fr. 250kr\/dag)<\/span>\">\n\t\t\t\t\t\t\t<a href=\"#\" class=\"input-person-plus\">&plus;<\/a>\n\t\t\t\t\t\t<\/div>\n\t\t\t\t\t<\/div>\n\t\t\t\t\t<div class=\"participant_count_error participant_count_error_persons-0\"><\/div>\n\t\t\t\t\t\t\t\t\t\t<div class=\"participant_inner_section\">\n\t\t\t\t\t\t<div class=\"persons-title\">\n\t\t\t\t\t\t\t<label class=\"label-person\">Barncykel 16-26 tum <span class='cs-hyra-tillval-pris'>(fr. 150kr\/dag)<\/span><\/label>\n\t\t\t\t\t\t<\/div>\n\t\t\t\t\t\t<div class=\"person-value button-group-container\">\n\t\t\t\t\t\t\t<a href=\"#\" class=\"input-person-minus\">&minus;<\/a>\n\t\t\t\t\t\t\t<input type=\"number\" name=\"phive_book_persons[]\" class=\"input-person shipping-price-related\" rule-key=\"persons-1\" \n\t\t\t\t\t\t\tvalue=\"0\" min=\"\" max=\"15\" last-val=\"\"  data-name=\"Barncykel 16-26 tum <span class='cs-hyra-tillval-pris'>(fr. 150kr\/dag)<\/span>\">\n\t\t\t\t\t\t\t<a href=\"#\" class=\"input-person-plus\">&plus;<\/a>\n\t\t\t\t\t\t<\/div>\n\t\t\t\t\t<\/div>\n\t\t\t\t\t<div class=\"participant_count_error participant_count_error_persons-1\"><\/div>\n\t\t\t\t\t\t\t\t\t\t<div class=\"participant_inner_section\">\n\t\t\t\t\t\t<div class=\"persons-title\">\n\t\t\t\t\t\t\t<label class=\"label-person\">Dubbel packv\u00e4ska <span class='cs-hyra-tillval-pris'>(fr. 50kr\/dag)<\/span><\/label>\n\t\t\t\t\t\t<\/div>\n\t\t\t\t\t\t<div class=\"person-value button-group-container\">\n\t\t\t\t\t\t\t<a href=\"#\" class=\"input-person-minus\">&minus;<\/a>\n\t\t\t\t\t\t\t<input type=\"number\" name=\"phive_book_persons[]\" class=\"input-person shipping-price-related\" rule-key=\"persons-2\" \n\t\t\t\t\t\t\tvalue=\"0\" min=\"\" max=\"15\" last-val=\"\"  data-name=\"Dubbel packv\u00e4ska <span class='cs-hyra-tillval-pris'>(fr. 50kr\/dag)<\/span>\">\n\t\t\t\t\t\t\t<a href=\"#\" class=\"input-person-plus\">&plus;<\/a>\n\t\t\t\t\t\t<\/div>\n\t\t\t\t\t<\/div>\n\t\t\t\t\t<div class=\"participant_count_error participant_count_error_persons-2\"><\/div>\n\t\t\t\t\t\t\t\t\t\t<div class=\"participant_inner_section\">\n\t\t\t\t\t\t<div class=\"persons-title\">\n\t\t\t\t\t\t\t<label class=\"label-person\">Hj\u00e4lm <span class='cs-hyra-tillval-pris'>(fr. 50kr\/dag)<\/span><\/label>\n\t\t\t\t\t\t<\/div>\n\t\t\t\t\t\t<div class=\"person-value button-group-container\">\n\t\t\t\t\t\t\t<a href=\"#\" class=\"input-person-minus\">&minus;<\/a>\n\t\t\t\t\t\t\t<input type=\"number\" name=\"phive_book_persons[]\" class=\"input-person shipping-price-related\" rule-key=\"persons-3\" \n\t\t\t\t\t\t\tvalue=\"0\" min=\"\" max=\"15\" last-val=\"\"  data-name=\"Hj\u00e4lm <span class='cs-hyra-tillval-pris'>(fr. 50kr\/dag)<\/span>\">\n\t\t\t\t\t\t\t<a href=\"#\" class=\"input-person-plus\">&plus;<\/a>\n\t\t\t\t\t\t<\/div>\n\t\t\t\t\t<\/div>\n\t\t\t\t\t<div class=\"participant_count_error participant_count_error_persons-3\"><\/div>\n\t\t\t\t\t\n\t\t<\/div>\n<div class=\"booking-info-wraper\">\n\t<p id=\"booking_info_text\" style=\"text-align:center;\"> \n\t\t\t\tVar god v\u00e4lj ett datum\t<\/p>\n\t<p id=\"booking_price_text\"> <\/p>\n<\/div>\n\t\t<p class=\"additional-notes\">\n\t\t\t<label class=\"label-person\">\u00d6vriga upplysningar<\/label>\n\t\t\t<textarea  placeholder=\"\" class=\"phive_book_additional_notes_text\"  maxlength=\"80\"  name=\"phive_book_additional_notes_text\"><\/textarea>\n\t\t<\/p>\n\t\t\t\t\t<\/div>\n\t\t<\/div>\n\n\t\t\n\t                <style type=\"text\/css\">\n\t                    .booking_month\n                        {\n\t\t\t\t\t\t\twidth: max-content !important;\n                                                        background: #539bbe !important;\n                            color: #ffffff !important;\n\t\t\t\t\t\t\tborder: none !important;\n\t\t\t\t\t\t\tmargin-left: auto;\n\t\t\t\t\t\t\tmargin-right: auto;\n\t\t\t\t\t\t\t-webkit-appearance: menulist !important;\n                        }\n\t                    .callender-month,.callender-year{\n\t\t\t\t\t\t\twidth: 0px !important;\n\t\t\t\t\t\t}\n\t\t\t\t\t\t\n\t                <\/style>\n                \n                \t\t<input type=\"hidden\" name=\"add-to-cart\" value=\"886\">\n\t\t<button type=\"submit\" name=\"add-to-cart\" value=\"886\" class=\"single_add_to_cart_button button alt disabled ph_book_now_button\">L\u00e4gg till i bokningen<\/button>\n\n\t\t\t<\/form>\n\n\t\n<div class=\"product_meta\">\n\n\t\n\t\n\t<span class=\"posted_in\">Kategori: <a href=\"https:\/\/www.cykelsemester.se\/cykeluthyrning\/product-category\/cykelhyra\/\" rel=\"tag\">cykelhyra<\/a><\/span>\n\t\n\t\n<\/div>\n<div class=\"social-icons share-icons share-row relative\" ><a href=\"whatsapp:\/\/send?text=Bokning%20av%20cyklar%20och%20tillbeh%C3%B6r - https:\/\/www.cykelsemester.se\/cykeluthyrning\/produkt\/bokning-av-cyklar-och-tillbehor\/\" data-action=\"share\/whatsapp\/share\" class=\"icon button circle is-outline tooltip whatsapp show-for-medium\" title=\"Share on WhatsApp\" aria-label=\"Share on WhatsApp\"><i class=\"icon-whatsapp\"><\/i><\/a><a href=\"https:\/\/www.facebook.com\/sharer.php?u=https:\/\/www.cykelsemester.se\/cykeluthyrning\/produkt\/bokning-av-cyklar-och-tillbehor\/\" data-label=\"Facebook\" onclick=\"window.open(this.href,this.title,'width=500,height=500,top=300px,left=300px');  return false;\" rel=\"noopener noreferrer nofollow\" target=\"_blank\" class=\"icon button circle is-outline tooltip facebook\" title=\"Dela p\u00e5 Facebook\" aria-label=\"Dela p\u00e5 Facebook\"><i class=\"icon-facebook\" ><\/i><\/a><a href=\"https:\/\/twitter.com\/share?url=https:\/\/www.cykelsemester.se\/cykeluthyrning\/produkt\/bokning-av-cyklar-och-tillbehor\/\" onclick=\"window.open(this.href,this.title,'width=500,height=500,top=300px,left=300px');  return false;\" rel=\"noopener noreferrer nofollow\" target=\"_blank\" class=\"icon button circle is-outline tooltip twitter\" title=\"Dela p\u00e5 Twitter\" aria-label=\"Dela p\u00e5 Twitter\"><i class=\"icon-twitter\" ><\/i><\/a><a href=\"mailto:enteryour@addresshere.com?subject=Bokning%20av%20cyklar%20och%20tillbeh%C3%B6r&amp;body=Check%20this%20out:%20https:\/\/www.cykelsemester.se\/cykeluthyrning\/produkt\/bokning-av-cyklar-och-tillbehor\/\" rel=\"nofollow\" class=\"icon button circle is-outline tooltip email\" title=\"Maila en kompis\" aria-label=\"Maila en kompis\"><i class=\"icon-envelop\" ><\/i><\/a><a href=\"https:\/\/pinterest.com\/pin\/create\/button\/?url=https:\/\/www.cykelsemester.se\/cykeluthyrning\/produkt\/bokning-av-cyklar-och-tillbehor\/&amp;media=https:\/\/www.cykelsemester.se\/cykeluthyrning\/wp-content\/uploads\/IMG-1671.jpg&amp;description=Bokning%20av%20cyklar%20och%20tillbeh%C3%B6r\" onclick=\"window.open(this.href,this.title,'width=500,height=500,top=300px,left=300px');  return false;\" rel=\"noopener noreferrer nofollow\" target=\"_blank\" class=\"icon button circle is-outline tooltip pinterest\" title=\"Pinna p\u00e5 Pinterest\" aria-label=\"Pinna p\u00e5 Pinterest\"><i class=\"icon-pinterest\" ><\/i><\/a><a href=\"https:\/\/www.linkedin.com\/shareArticle?mini=true&url=https:\/\/www.cykelsemester.se\/cykeluthyrning\/produkt\/bokning-av-cyklar-och-tillbehor\/&title=Bokning%20av%20cyklar%20och%20tillbeh%C3%B6r\" onclick=\"window.open(this.href,this.title,'width=500,height=500,top=300px,left=300px');  return false;\"  rel=\"noopener noreferrer nofollow\" target=\"_blank\" class=\"icon button circle is-outline tooltip linkedin\" title=\"Share on LinkedIn\" aria-label=\"Share on LinkedIn\"><i class=\"icon-linkedin\" ><\/i><\/a><\/div>\n    \t<\/div>\n\n    \t<div id=\"product-sidebar\" class=\"mfp-hide\">\n    \t\t<div class=\"sidebar-inner\">\n    \t\t\t<aside id=\"woocommerce_product_categories-13\" class=\"widget woocommerce widget_product_categories\"><span class=\"widget-title shop-sidebar\">Browse<\/span><div class=\"is-divider small\"><\/div><ul class=\"product-categories\"><li class=\"cat-item cat-item-94\"><a href=\"https:\/\/www.cykelsemester.se\/cykeluthyrning\/product-category\/batresa-med-overnattning-eric-nordewall\/\">B\u00e5tresa med \u00f6vernattning Eric Nordewall<\/a><\/li>\n<li class=\"cat-item cat-item-93\"><a href=\"https:\/\/www.cykelsemester.se\/cykeluthyrning\/product-category\/boende\/\">Boende<\/a><\/li>\n<li class=\"cat-item cat-item-36\"><a href=\"https:\/\/www.cykelsemester.se\/cykeluthyrning\/product-category\/booking\/\">Booking<\/a><\/li>\n<li class=\"cat-item cat-item-80\"><a href=\"https:\/\/www.cykelsemester.se\/cykeluthyrning\/product-category\/bundles\/\">bundles<\/a><\/li>\n<li class=\"cat-item cat-item-86\"><a href=\"https:\/\/www.cykelsemester.se\/cykeluthyrning\/product-category\/cykel-bat-2-dagar\/\">Cykel &amp; B\u00e5t 2 dagar<\/a><\/li>\n<li class=\"cat-item cat-item-81 current-cat\"><a href=\"https:\/\/www.cykelsemester.se\/cykeluthyrning\/product-category\/cykelhyra\/\">cykelhyra<\/a><\/li>\n<li class=\"cat-item cat-item-82\"><a href=\"https:\/\/www.cykelsemester.se\/cykeluthyrning\/product-category\/cykelhyra-innehall\/\">Cykelhyra inneh\u00e5ll<\/a><\/li>\n<li class=\"cat-item cat-item-75\"><a href=\"https:\/\/www.cykelsemester.se\/cykeluthyrning\/product-category\/cykelpaket-jonsboda\/\">Cykelpaket Jonsboda<\/a><\/li>\n<li class=\"cat-item cat-item-79\"><a href=\"https:\/\/www.cykelsemester.se\/cykeluthyrning\/product-category\/cykelpaket-wassbacken\/\">Cykelpaket Wassbacken<\/a><\/li>\n<li class=\"cat-item cat-item-87\"><a href=\"https:\/\/www.cykelsemester.se\/cykeluthyrning\/product-category\/dagskryssning-pa-gota-kanal\/\">Dagskryssning p\u00e5 G\u00f6ta kanal<\/a><\/li>\n<li class=\"cat-item cat-item-91\"><a href=\"https:\/\/www.cykelsemester.se\/cykeluthyrning\/product-category\/eric-nordevall-paketet\/\">Eric Nordevall Paketet<\/a><\/li>\n<li class=\"cat-item cat-item-78\"><a href=\"https:\/\/www.cykelsemester.se\/cykeluthyrning\/product-category\/familjeaventyr-1-dag\/\">Familje\u00e4ventyr 1 dag<\/a><\/li>\n<li class=\"cat-item cat-item-92\"><a href=\"https:\/\/www.cykelsemester.se\/cykeluthyrning\/product-category\/gota-kanal-med-barn\/\">G\u00f6ta kanal med barn<\/a><\/li>\n<li class=\"cat-item cat-item-85\"><a href=\"https:\/\/www.cykelsemester.se\/cykeluthyrning\/product-category\/gotakanal-paketet\/\">G\u00f6takanal paketet<\/a><\/li>\n<li class=\"cat-item cat-item-89\"><a href=\"https:\/\/www.cykelsemester.se\/cykeluthyrning\/product-category\/hotell-och-hjulangare\/\">Hotell och hjul\u00e5ngare<\/a><\/li>\n<li class=\"cat-item cat-item-83\"><a href=\"https:\/\/www.cykelsemester.se\/cykeluthyrning\/product-category\/hotellpaket-gota-kanal\/\">Hotellpaket G\u00f6ta kanal<\/a><\/li>\n<li class=\"cat-item cat-item-88\"><a href=\"https:\/\/www.cykelsemester.se\/cykeluthyrning\/product-category\/jubileumspaketet-4-dagar\/\">Jubileumspaketet 4 dagar<\/a><\/li>\n<li class=\"cat-item cat-item-84\"><a href=\"https:\/\/www.cykelsemester.se\/cykeluthyrning\/product-category\/originalpaket-4-dagar\/\">Originalpaket 4 dagar<\/a><\/li>\n<li class=\"cat-item cat-item-74\"><a href=\"https:\/\/www.cykelsemester.se\/cykeluthyrning\/product-category\/paket\/\">paket<\/a><\/li>\n<li class=\"cat-item cat-item-77\"><a href=\"https:\/\/www.cykelsemester.se\/cykeluthyrning\/product-category\/paketinnehall\/\">Paketinneh\u00e5ll<\/a><\/li>\n<li class=\"cat-item cat-item-73\"><a href=\"https:\/\/www.cykelsemester.se\/cykeluthyrning\/product-category\/tillval\/\">Tillval<\/a><\/li>\n<li class=\"cat-item cat-item-15\"><a href=\"https:\/\/www.cykelsemester.se\/cykeluthyrning\/product-category\/uncategorized\/\">Uncategorized<\/a><\/li>\n<li class=\"cat-item cat-item-90\"><a href=\"https:\/\/www.cykelsemester.se\/cykeluthyrning\/product-category\/varpaket\/\">V\u00e5rpaket<\/a><\/li>\n<\/ul><\/aside>    \t\t<\/div>\n    \t<\/div>\n\n    <\/div>\n  <\/div>\n\n  <div class=\"product-footer\">\n  \t<div class=\"container\">\n    \t\t\n\t<div class=\"woocommerce-tabs wc-tabs-wrapper container tabbed-content\">\n\t\t<ul class=\"tabs wc-tabs product-tabs small-nav-collapse nav nav-uppercase nav-outline nav-left\" role=\"tablist\">\n\t\t\t\t\t\t\t<li class=\"description_tab active\" id=\"tab-title-description\" role=\"tab\" aria-controls=\"tab-description\">\n\t\t\t\t\t<a href=\"#tab-description\">\n\t\t\t\t\t\tBeskrivning\t\t\t\t\t<\/a>\n\t\t\t\t<\/li>\n\t\t\t\t\t\t\t\t\t\t\t<li class=\"ux_custom_tab_tab \" id=\"tab-title-ux_custom_tab\" role=\"tab\" aria-controls=\"tab-ux_custom_tab\">\n\t\t\t\t\t<a href=\"#tab-ux_custom_tab\">\n\t\t\t\t\t\tPriser\t\t\t\t\t<\/a>\n\t\t\t\t<\/li>\n\t\t\t\t\t\t\t\t\t<\/ul>\n\t\t<div class=\"tab-panels\">\n\t\t\t\t\t\t\t<div class=\"woocommerce-Tabs-panel woocommerce-Tabs-panel--description panel entry-content active\" id=\"tab-description\" role=\"tabpanel\" aria-labelledby=\"tab-title-description\">\n\t\t\t\t\t\t\t\t\t\t\n\n<div class=\"fusion-text fusion-text-1\">\n<p><strong>H\u00e4r best\u00e4ller du antalet cyklar f\u00f6r din cykling l\u00e4ngs G\u00f6ta kanal. <\/strong>Du kan v\u00e4lja alltifr\u00e5n att cykla \u00f6ver dagen eller cykla i en hel vecka. All betalning sker p\u00e5 plats i Sj\u00f6torp med kort, kontant eller Swish. Vi har \u00f6ver 350 cyklar.<\/p>\n<p><strong>Vid hyra av cykel ing\u00e5r cykelservice mellan kl. 09.30 \u2013 17.30 vid eventuella problem t.ex punktering<\/strong>.<\/p>\n<p><strong>Cyklar: Svenska cyklar av h\u00f6g kvalit\u00e9t!\u00a0<\/strong><\/p>\n<p><span style=\"font-size: 14.4px;\"><strong>Vuxen:<\/strong> Cyklarna \u00e4r r\u00f6da 3 v\u00e4xlade damcyklar med paketh\u00e5llare och fotbroms samt handbroms, de vuxna cyklarna har ocks\u00e5 cykelkorg och alla cyklar \u00e4r av mycket bra kvalitet.<\/span><\/p>\n<p><strong>Barn:<\/strong> Vi har 80 st cyklar anpassade f\u00f6r barn. V\u00e4lj mellan 16, 20, 24 eller 26 tum. Vid bokning uppge vilken storlek alternativt l\u00e4ngd p\u00e5 barnen.<\/p>\n<p><strong>Elcyklar:\u00a0<\/strong>Vi har elcyklar f\u00f6r uthyrning. Dessa \u00e4r 28 tum och l\u00e4mpar sig f\u00f6r vuxen \/ ungdom och har cykelkorg samt paketh\u00e5llare. Man kommer cirka 8 mil p\u00e5 en laddning och f\u00e5r med sig laddare vid bokning.<\/p>\n<p><strong>Tillbeh\u00f6r:\u00a0<\/strong>Vi erbjuder cykelk\u00e4rror f\u00f6r barn\/ hund eller packning, hj\u00e4lmar och packv\u00e4skor f\u00f6r uthyrning. Cykelk\u00e4rrorna har en maxvikt p\u00e5 35 kg. Packv\u00e4skorna \u00e4r dubbla och rymmer cirka 35 liter och \u00e4r platta s\u00e5 det g\u00e5r fint att sp\u00e4nna p\u00e5 en ryggs\u00e4ck \u00f6ver.<\/p>\n<p><strong>Parkering<\/strong>: I Sj\u00f6torp finner du gratis parkeringar p\u00e5 S\u00f6dra sidan av kanalen p\u00e5 en gr\u00e4splan p\u00e5 v\u00e4nster sida om Pensionat Kajutan.<\/p>\n<p>Det finns \u00e4ven en parkering precis vid cykeluthyrningen som kostar 5 kr \/ timme.<\/p>\n<p><strong>L\u00e4mna cykel p\u00e5 annan plats:\u00a0<\/strong>Uppge vid bokning som meddelande om du \u00f6nskar l\u00e4mna cykel p\u00e5 annan plats:<\/p>\n<p><strong>Lyrestad\u00a0<\/strong>\u00a0 \u00a0 \u00a0 \u00a0 \u00a0 100 kr extra \/ person<\/p>\n<p><strong>Norrqvarn<\/strong>\u00a0 \u00a0 \u00a0 \u00a0 100 kr extra \/ person<\/p>\n<p><strong>Hajstorp<\/strong>\u00a0 \u00a0 \u00a0 \u00a0 \u00a0 \u00a0150 kr extra \/ person<\/p>\n<p><strong>T\u00f6reboda<\/strong>\u00a0 \u00a0 \u00a0 \u00a0 \u00a0200 kr extra \/ person<\/p>\n<p><strong>Jonsboda<\/strong>\u00a0 \u00a0 \u00a0 \u00a0 250 kr extra \/ person<\/p>\n<p><strong>Wassbacken<\/strong>\u00a0 \u00a0250 kr extra \/ person<\/p>\n<p><strong>T\u00e5torp<\/strong>\u00a0 \u00a0 \u00a0 \u00a0 \u00a0 \u00a0 \u00a0 300 kr extra \/ person<\/p>\n<p><strong>Forsvik\u00a0<\/strong>\u00a0 \u00a0 \u00a0 \u00a0 \u00a0 \u00a0300 kr extra \/ person<\/p>\n<p><strong>Karlsborg<\/strong>\u00a0 \u00a0 \u00a0 \u00a0400 kr extra \/ person<\/p>\n<p><strong>Cyklar som bokas via hemsidan, telefon eller mail reserverar vi till kl 12:00. Sedan \u00e4r dessa inte l\u00e4ngre reserverade om inget annat \u00e4r \u00f6verenskommet<\/strong><\/p>\n<\/div>\n\t\t\t\t<\/div>\n\t\t\t\t\t\t\t\t\t\t\t<div class=\"woocommerce-Tabs-panel woocommerce-Tabs-panel--ux_custom_tab panel entry-content \" id=\"tab-ux_custom_tab\" role=\"tabpanel\" aria-labelledby=\"tab-title-ux_custom_tab\">\n\t\t\t\t\t\t\t\t\t\t<p><strong>Priser cykel och tillval<\/strong><\/p>\r\n                    <table width=\"60%\" cellspacing=\"0\" cellpadding=\"2\" border=\"0\">\r\n                      <tbody><tr> \r\n                        <td><b>Tillval:<\/b><\/td>\r\n                        <td><b>1 dag<\/b><\/td>\r\n                        <td bgcolor=\"#FFCC66\"><b>2 dagar<\/b><\/td>\r\n                        <td><b>3 dagar<\/b><\/td>\r\n                        <td bgcolor=\"#FFCC66\"><b>4 dagar<\/b><\/td>\r\n                      <\/tr>\r\n                      <tr> \r\n                        <td><strong>Vuxencykel<\/strong><\/td>\r\n                        <td>250:-<\/td>\r\n                        <td bgcolor=\"#FFCC66\">500:-<\/td>\r\n                        <td>700:-<\/td>\r\n                        <td bgcolor=\"#FFCC66\">850:-<\/td>\r\n                      <\/tr>\r\n                      <tr> \r\n                        <td><strong>Cykelk\u00e4rra<\/strong><\/td>\r\n                        <td>200:-<\/td>\r\n                        <td bgcolor=\"#FFCC66\">400:-<\/td>\r\n                        <td>500:-<\/td>\r\n                        <td bgcolor=\"#FFCC66\">600:-<\/td>\r\n                      <\/tr>\r\n                      <tr> \r\n                        <td><strong>Barncykel 16-26 tum <\/strong><\/td>\r\n                        <td>150:-<\/td>\r\n                        <td bgcolor=\"#FFCC66\">300:-<\/td>\r\n                        <td>400:-<\/td>\r\n                        <td bgcolor=\"#FFCC66\">500:-<\/td>\r\n                      <\/tr>\r\n                      <tr> \r\n                        <td><strong>Dubbel packv\u00e4ska <\/strong><\/td>\r\n                        <td>50:-<\/td>\r\n                        <td bgcolor=\"#FFCC66\">100:-<\/td>\r\n                        <td>150:-<\/td>\r\n                        <td bgcolor=\"#FFCC66\">150:-<\/td>\r\n                      <\/tr>\r\n                      <tr>\r\n                        <td><strong>Hj\u00e4lm<\/strong><\/td>\r\n                        <td>50:-<\/td>\r\n                        <td bgcolor=\"#FFCC66\">100:-<\/td>\r\n                        <td>100:-<\/td>\r\n                        <td bgcolor=\"#FFCC66\">100:-<\/td>\r\n                      <\/tr>\r\n                    <\/tbody><\/table>\t\t\t\t<\/div>\n\t\t\t\t\t\t\t\n\t\t\t\t\t<\/div>\n\t<\/div>\n\n    <\/div>\n  <\/div>\n<\/div>\n<\/div>\n\t\t\t<\/div>\n\t\t\t<\/div>\n","protected":false},"excerpt":{"rendered":"","protected":false},"author":1,"featured_media":681,"parent":0,"menu_order":1,"comment_status":"closed","ping_status":"closed","template":"page-blank.php","meta":{"_acf_changed":false,"footnotes":""},"class_list":["post-856","page","type-page","status-publish","has-post-thumbnail","hentry"],"acf":[],"yoast_head":"<!-- This site is optimized with the Yoast SEO plugin v24.5 - https:\/\/yoast.com\/wordpress\/plugins\/seo\/ -->\n<title>Cykeluthyrning | Hyr cykel och tillbeh\u00f6r i Sj\u00f6torp vid G\u00f6ta Kanal &amp; V\u00e4nern<\/title>\n<meta name=\"description\" content=\"Upplev G\u00f6ta kanal p\u00e5 cykel, hyr cykel och tillbeh\u00f6r av Sj\u00f6torps cykeluthyrning. Hyronline och ta f\u00f6rsta steget till att cykla G\u00f6ta kanal.\" \/>\n<meta name=\"robots\" content=\"index, follow, max-snippet:-1, max-image-preview:large, max-video-preview:-1\" \/>\n<link rel=\"canonical\" href=\"https:\/\/www.cykelsemester.se\/cykeluthyrning\/\" \/>\n<meta property=\"og:locale\" content=\"sv_SE\" \/>\n<meta property=\"og:type\" content=\"article\" \/>\n<meta property=\"og:title\" content=\"Cykeluthyrning | Hyr cykel och tillbeh\u00f6r i Sj\u00f6torp vid G\u00f6ta Kanal &amp; V\u00e4nern\" \/>\n<meta property=\"og:description\" content=\"Upplev G\u00f6ta kanal p\u00e5 cykel, hyr cykel och tillbeh\u00f6r av Sj\u00f6torps cykeluthyrning. Hyronline och ta f\u00f6rsta steget till att cykla G\u00f6ta kanal.\" \/>\n<meta property=\"og:url\" content=\"https:\/\/www.cykelsemester.se\/cykeluthyrning\/\" \/>\n<meta property=\"og:site_name\" content=\"Cykelsemester | Cykla G\u00f6ta kanal med start i Sj\u00f6torp vid V\u00e4nern\" \/>\n<meta property=\"article:modified_time\" content=\"2022-05-24T14:07:47+00:00\" \/>\n<meta property=\"og:image\" content=\"https:\/\/www.cykelsemester.se\/cykeluthyrning\/wp-content\/uploads\/cykelbild-Gota-kanal-2.jpg\" \/>\n\t<meta property=\"og:image:width\" content=\"2048\" \/>\n\t<meta property=\"og:image:height\" content=\"1362\" \/>\n\t<meta property=\"og:image:type\" content=\"image\/jpeg\" \/>\n<meta name=\"twitter:card\" content=\"summary_large_image\" \/>\n<meta name=\"twitter:label1\" content=\"Ber\u00e4knad l\u00e4stid\" \/>\n\t<meta name=\"twitter:data1\" content=\"3 minuter\" \/>\n<script type=\"application\/ld+json\" class=\"yoast-schema-graph\">{\"@context\":\"https:\/\/schema.org\",\"@graph\":[{\"@type\":\"WebPage\",\"@id\":\"https:\/\/www.cykelsemester.se\/cykeluthyrning\/\",\"url\":\"https:\/\/www.cykelsemester.se\/cykeluthyrning\/\",\"name\":\"Cykeluthyrning | Hyr cykel och tillbeh\u00f6r i Sj\u00f6torp vid G\u00f6ta Kanal & V\u00e4nern\",\"isPartOf\":{\"@id\":\"https:\/\/www.cykelsemester.se\/cykeluthyrning\/#website\"},\"primaryImageOfPage\":{\"@id\":\"https:\/\/www.cykelsemester.se\/cykeluthyrning\/#primaryimage\"},\"image\":{\"@id\":\"https:\/\/www.cykelsemester.se\/cykeluthyrning\/#primaryimage\"},\"thumbnailUrl\":\"https:\/\/www.cykelsemester.se\/cykeluthyrning\/wp-content\/uploads\/cykelbild-Gota-kanal-2.jpg\",\"datePublished\":\"2021-04-20T06:54:22+00:00\",\"dateModified\":\"2022-05-24T14:07:47+00:00\",\"description\":\"Upplev G\u00f6ta kanal p\u00e5 cykel, hyr cykel och tillbeh\u00f6r av Sj\u00f6torps cykeluthyrning. Hyronline och ta f\u00f6rsta steget till att cykla G\u00f6ta kanal.\",\"breadcrumb\":{\"@id\":\"https:\/\/www.cykelsemester.se\/cykeluthyrning\/#breadcrumb\"},\"inLanguage\":\"sv-SE\",\"potentialAction\":[{\"@type\":\"ReadAction\",\"target\":[\"https:\/\/www.cykelsemester.se\/cykeluthyrning\/\"]}]},{\"@type\":\"ImageObject\",\"inLanguage\":\"sv-SE\",\"@id\":\"https:\/\/www.cykelsemester.se\/cykeluthyrning\/#primaryimage\",\"url\":\"https:\/\/www.cykelsemester.se\/cykeluthyrning\/wp-content\/uploads\/cykelbild-Gota-kanal-2.jpg\",\"contentUrl\":\"https:\/\/www.cykelsemester.se\/cykeluthyrning\/wp-content\/uploads\/cykelbild-Gota-kanal-2.jpg\",\"width\":2048,\"height\":1362},{\"@type\":\"BreadcrumbList\",\"@id\":\"https:\/\/www.cykelsemester.se\/cykeluthyrning\/#breadcrumb\",\"itemListElement\":[{\"@type\":\"ListItem\",\"position\":1,\"name\":\"Hem\",\"item\":\"https:\/\/www.cykelsemester.se\/cykeluthyrning\/\"},{\"@type\":\"ListItem\",\"position\":2,\"name\":\"Bokning av cyklar och tillbeh\u00f6r\"}]},{\"@type\":\"WebSite\",\"@id\":\"https:\/\/www.cykelsemester.se\/cykeluthyrning\/#website\",\"url\":\"https:\/\/www.cykelsemester.se\/cykeluthyrning\/\",\"name\":\"Cykelsemester | Cykla G\u00f6ta kanal med start i Sj\u00f6torp vid V\u00e4nern\",\"description\":\"\",\"publisher\":{\"@id\":\"https:\/\/www.cykelsemester.se\/cykeluthyrning\/#organization\"},\"potentialAction\":[{\"@type\":\"SearchAction\",\"target\":{\"@type\":\"EntryPoint\",\"urlTemplate\":\"https:\/\/www.cykelsemester.se\/cykeluthyrning\/?s={search_term_string}\"},\"query-input\":{\"@type\":\"PropertyValueSpecification\",\"valueRequired\":true,\"valueName\":\"search_term_string\"}}],\"inLanguage\":\"sv-SE\"},{\"@type\":\"Organization\",\"@id\":\"https:\/\/www.cykelsemester.se\/cykeluthyrning\/#organization\",\"name\":\"Sj\u00f6torps Cykeluthyrning AB\",\"url\":\"https:\/\/www.cykelsemester.se\/cykeluthyrning\/\",\"logo\":{\"@type\":\"ImageObject\",\"inLanguage\":\"sv-SE\",\"@id\":\"https:\/\/www.cykelsemester.se\/cykeluthyrning\/#\/schema\/logo\/image\/\",\"url\":\"https:\/\/www.cykelsemester.se\/cykeluthyrning\/wp-content\/uploads\/cykelsemesterlogo.png\",\"contentUrl\":\"https:\/\/www.cykelsemester.se\/cykeluthyrning\/wp-content\/uploads\/cykelsemesterlogo.png\",\"width\":464,\"height\":142,\"caption\":\"Sj\u00f6torps Cykeluthyrning AB\"},\"image\":{\"@id\":\"https:\/\/www.cykelsemester.se\/cykeluthyrning\/#\/schema\/logo\/image\/\"}}]}<\/script>\n<!-- \/ Yoast SEO plugin. -->","yoast_head_json":{"title":"Cykeluthyrning | Hyr cykel och tillbeh\u00f6r i Sj\u00f6torp vid G\u00f6ta Kanal & V\u00e4nern","description":"Upplev G\u00f6ta kanal p\u00e5 cykel, hyr cykel och tillbeh\u00f6r av Sj\u00f6torps cykeluthyrning. Hyronline och ta f\u00f6rsta steget till att cykla G\u00f6ta kanal.","robots":{"index":"index","follow":"follow","max-snippet":"max-snippet:-1","max-image-preview":"max-image-preview:large","max-video-preview":"max-video-preview:-1"},"canonical":"https:\/\/www.cykelsemester.se\/cykeluthyrning\/","og_locale":"sv_SE","og_type":"article","og_title":"Cykeluthyrning | Hyr cykel och tillbeh\u00f6r i Sj\u00f6torp vid G\u00f6ta Kanal & V\u00e4nern","og_description":"Upplev G\u00f6ta kanal p\u00e5 cykel, hyr cykel och tillbeh\u00f6r av Sj\u00f6torps cykeluthyrning. Hyronline och ta f\u00f6rsta steget till att cykla G\u00f6ta kanal.","og_url":"https:\/\/www.cykelsemester.se\/cykeluthyrning\/","og_site_name":"Cykelsemester | Cykla G\u00f6ta kanal med start i Sj\u00f6torp vid V\u00e4nern","article_modified_time":"2022-05-24T14:07:47+00:00","og_image":[{"width":2048,"height":1362,"url":"https:\/\/www.cykelsemester.se\/cykeluthyrning\/wp-content\/uploads\/cykelbild-Gota-kanal-2.jpg","type":"image\/jpeg"}],"twitter_card":"summary_large_image","twitter_misc":{"Ber\u00e4knad l\u00e4stid":"3 minuter"},"schema":{"@context":"https:\/\/schema.org","@graph":[{"@type":"WebPage","@id":"https:\/\/www.cykelsemester.se\/cykeluthyrning\/","url":"https:\/\/www.cykelsemester.se\/cykeluthyrning\/","name":"Cykeluthyrning | Hyr cykel och tillbeh\u00f6r i Sj\u00f6torp vid G\u00f6ta Kanal & V\u00e4nern","isPartOf":{"@id":"https:\/\/www.cykelsemester.se\/cykeluthyrning\/#website"},"primaryImageOfPage":{"@id":"https:\/\/www.cykelsemester.se\/cykeluthyrning\/#primaryimage"},"image":{"@id":"https:\/\/www.cykelsemester.se\/cykeluthyrning\/#primaryimage"},"thumbnailUrl":"https:\/\/www.cykelsemester.se\/cykeluthyrning\/wp-content\/uploads\/cykelbild-Gota-kanal-2.jpg","datePublished":"2021-04-20T06:54:22+00:00","dateModified":"2022-05-24T14:07:47+00:00","description":"Upplev G\u00f6ta kanal p\u00e5 cykel, hyr cykel och tillbeh\u00f6r av Sj\u00f6torps cykeluthyrning. Hyronline och ta f\u00f6rsta steget till att cykla G\u00f6ta kanal.","breadcrumb":{"@id":"https:\/\/www.cykelsemester.se\/cykeluthyrning\/#breadcrumb"},"inLanguage":"sv-SE","potentialAction":[{"@type":"ReadAction","target":["https:\/\/www.cykelsemester.se\/cykeluthyrning\/"]}]},{"@type":"ImageObject","inLanguage":"sv-SE","@id":"https:\/\/www.cykelsemester.se\/cykeluthyrning\/#primaryimage","url":"https:\/\/www.cykelsemester.se\/cykeluthyrning\/wp-content\/uploads\/cykelbild-Gota-kanal-2.jpg","contentUrl":"https:\/\/www.cykelsemester.se\/cykeluthyrning\/wp-content\/uploads\/cykelbild-Gota-kanal-2.jpg","width":2048,"height":1362},{"@type":"BreadcrumbList","@id":"https:\/\/www.cykelsemester.se\/cykeluthyrning\/#breadcrumb","itemListElement":[{"@type":"ListItem","position":1,"name":"Hem","item":"https:\/\/www.cykelsemester.se\/cykeluthyrning\/"},{"@type":"ListItem","position":2,"name":"Bokning av cyklar och tillbeh\u00f6r"}]},{"@type":"WebSite","@id":"https:\/\/www.cykelsemester.se\/cykeluthyrning\/#website","url":"https:\/\/www.cykelsemester.se\/cykeluthyrning\/","name":"Cykelsemester | Cykla G\u00f6ta kanal med start i Sj\u00f6torp vid V\u00e4nern","description":"","publisher":{"@id":"https:\/\/www.cykelsemester.se\/cykeluthyrning\/#organization"},"potentialAction":[{"@type":"SearchAction","target":{"@type":"EntryPoint","urlTemplate":"https:\/\/www.cykelsemester.se\/cykeluthyrning\/?s={search_term_string}"},"query-input":{"@type":"PropertyValueSpecification","valueRequired":true,"valueName":"search_term_string"}}],"inLanguage":"sv-SE"},{"@type":"Organization","@id":"https:\/\/www.cykelsemester.se\/cykeluthyrning\/#organization","name":"Sj\u00f6torps Cykeluthyrning AB","url":"https:\/\/www.cykelsemester.se\/cykeluthyrning\/","logo":{"@type":"ImageObject","inLanguage":"sv-SE","@id":"https:\/\/www.cykelsemester.se\/cykeluthyrning\/#\/schema\/logo\/image\/","url":"https:\/\/www.cykelsemester.se\/cykeluthyrning\/wp-content\/uploads\/cykelsemesterlogo.png","contentUrl":"https:\/\/www.cykelsemester.se\/cykeluthyrning\/wp-content\/uploads\/cykelsemesterlogo.png","width":464,"height":142,"caption":"Sj\u00f6torps Cykeluthyrning AB"},"image":{"@id":"https:\/\/www.cykelsemester.se\/cykeluthyrning\/#\/schema\/logo\/image\/"}}]}},"_links":{"self":[{"href":"https:\/\/www.cykelsemester.se\/cykeluthyrning\/wp-json\/wp\/v2\/pages\/856","targetHints":{"allow":["GET"]}}],"collection":[{"href":"https:\/\/www.cykelsemester.se\/cykeluthyrning\/wp-json\/wp\/v2\/pages"}],"about":[{"href":"https:\/\/www.cykelsemester.se\/cykeluthyrning\/wp-json\/wp\/v2\/types\/page"}],"author":[{"embeddable":true,"href":"https:\/\/www.cykelsemester.se\/cykeluthyrning\/wp-json\/wp\/v2\/users\/1"}],"replies":[{"embeddable":true,"href":"https:\/\/www.cykelsemester.se\/cykeluthyrning\/wp-json\/wp\/v2\/comments?post=856"}],"version-history":[{"count":6,"href":"https:\/\/www.cykelsemester.se\/cykeluthyrning\/wp-json\/wp\/v2\/pages\/856\/revisions"}],"predecessor-version":[{"id":1426,"href":"https:\/\/www.cykelsemester.se\/cykeluthyrning\/wp-json\/wp\/v2\/pages\/856\/revisions\/1426"}],"wp:featuredmedia":[{"embeddable":true,"href":"https:\/\/www.cykelsemester.se\/cykeluthyrning\/wp-json\/wp\/v2\/media\/681"}],"wp:attachment":[{"href":"https:\/\/www.cykelsemester.se\/cykeluthyrning\/wp-json\/wp\/v2\/media?parent=856"}],"curies":[{"name":"wp","href":"https:\/\/api.w.org\/{rel}","templated":true}]}}